{"id":8978,"date":"2024-06-30T08:19:24","date_gmt":"2024-06-30T08:19:24","guid":{"rendered":"https:\/\/zamardinyitva.hu\/?post_type=ajde_events&#038;p=8978"},"modified":"2024-06-30T08:19:25","modified_gmt":"2024-06-30T08:19:25","slug":"light-bite-fesztival","status":"publish","type":"ajde_events","link":"https:\/\/zamardinyitva.hu\/en\/events\/light-bite-fesztival\/","title":{"rendered":"Light &amp; Bite Fesztiv\u00e1l"},"content":{"rendered":"<p><img loading=\"lazy\" decoding=\"async\" height=\"16\" width=\"16\" alt=\"\ud83c\udf1f\" src=\"https:\/\/static.xx.fbcdn.net\/images\/emoji.php\/v9\/te0\/1\/16\/1f31f.png\">&nbsp;\u00dcdv\u00f6zl\u00fcnk minden \u00ednyencet \u00e9s l\u00e1tv\u00e1nyrajong\u00f3t!&nbsp;<img loading=\"lazy\" decoding=\"async\" height=\"16\" width=\"16\" alt=\"\ud83c\udf1f\" src=\"https:\/\/static.xx.fbcdn.net\/images\/emoji.php\/v9\/te0\/1\/16\/1f31f.png\"><\/p>\n\n\n\n<p>Csatlakozz hozz\u00e1nk az \u00e9v egyik legizgalmasabb esem\u00e9ny\u00e9n, a Light &amp; Bite Fesztiv\u00e1lon! \u00d6t napon kereszt\u00fcl Zam\u00e1rdi megtelik \u00ednycsikland\u00f3 illatokkal, l\u00e9legzetel\u00e1ll\u00edt\u00f3 f\u00e9nyekkel \u00e9s vid\u00e1m hangulattal. Ez az esem\u00e9ny minden \u00e9rz\u00e9kedet k\u00e9nyeztetni fogja!<\/p>\n\n\n\n<p>Mi v\u00e1r r\u00e1d a fesztiv\u00e1lon?<\/p>\n\n\n\n<p><img loading=\"lazy\" decoding=\"async\" height=\"16\" width=\"16\" alt=\"\ud83c\udf54\" src=\"https:\/\/static.xx.fbcdn.net\/images\/emoji.php\/v9\/t2a\/1\/16\/1f354.png\">&nbsp;Street Food Paradicsom: Fenomen\u00e1lis food truckjok \u00e9s street food standok hozz\u00e1k el neked a legk\u00fcl\u00f6nlegesebb \u00e9teleket. K\u00f3stolj bele a legjobb hamburgerekbe, l\u00e1ngosba, street food remekekbe \u00e9s m\u00e9g sok m\u00e1s \u00ednyencs\u00e9gbe!<\/p>\n\n\n\n<p><img loading=\"lazy\" decoding=\"async\" height=\"16\" width=\"16\" alt=\"\ud83c\udfa8\" src=\"https:\/\/static.xx.fbcdn.net\/images\/emoji.php\/v9\/t82\/1\/16\/1f3a8.png\">&nbsp;M\u0171v\u00e9szi Lightshow: Minden este s\u00f6t\u00e9ted\u00e9st\u0151l a fesztiv\u00e1l ter\u00fclete f\u00e9ny\u00e1rban \u00faszik. A l\u00e1tv\u00e1nyos f\u00e9nyinstall\u00e1ci\u00f3k fognak elvar\u00e1zsolni \u00e9s garant\u00e1ltan \u00e1mulatba ejteni.<\/p>\n\n\n\n<p><img loading=\"lazy\" decoding=\"async\" height=\"16\" width=\"16\" alt=\"\ud83d\udd25\" src=\"https:\/\/static.xx.fbcdn.net\/images\/emoji.php\/v9\/t50\/1\/16\/1f525.png\">&nbsp;Lightshow El\u0151ad\u00e1s: Ne hagyd ki az esti k\u00fcl\u00f6nleges el\u0151ad\u00e1sokat! Minden este 21:00-t\u00f3l l\u00e1tv\u00e1nyos produkci\u00f3k v\u00e1rnak r\u00e1d, amelyek felejthetetlen \u00e9lm\u00e9nyt ny\u00fajtanak. Ezekr\u0151l k\u00e9s\u0151bbiekben fogunk tov\u00e1bbi inform\u00e1ci\u00f3kat el\u00e1rulni.<\/p>\n\n\n\n<p><img loading=\"lazy\" decoding=\"async\" height=\"16\" width=\"16\" alt=\"\ud83d\udc57\" src=\"https:\/\/static.xx.fbcdn.net\/images\/emoji.php\/v9\/tee\/1\/16\/1f457.png\">&nbsp;HelloBalaton Fashion: A fesztiv\u00e1lon bemutatkozik a HelloBalaton, HelloFashion m\u00e1rka leg\u00fajabb kollekci\u00f3ja is, a legmen\u0151bb mint\u00e1kkal. Szerezd be a szezon legtrendibb ruhadarabjait!<\/p>\n\n\n\n<p>Bel\u00e9p\u00e9s: A rendezv\u00e9ny ingyenes!<\/p>","protected":false},"author":1,"featured_media":8980,"menu_order":0,"comment_status":"open","ping_status":"closed","template":"","meta":[],"tags":[],"event_type":[],"event_type_2":[],"class_list":["post-8978","ajde_events","type-ajde_events","status-publish","has-post-thumbnail","hentry","description-off"],"yoast_head":"<!-- This site is optimized with the Yoast SEO Premium plugin v27.4 (Yoast SEO v27.4) - https:\/\/yoast.com\/product\/yoast-seo-premium-wordpress\/ -->\n<title>Light &amp; Bite Fesztiv\u00e1l - Zam\u00e1rdi Nyitva!<\/title>\n<meta name=\"robots\" content=\"index, follow, max-snippet:-1, max-image-preview:large, max-video-preview:-1\" \/>\n<link rel=\"canonical\" href=\"https:\/\/zamardinyitva.hu\/en\/events\/light-bite-fesztival\/\" \/>\n<meta property=\"og:locale\" content=\"en_US\" \/>\n<meta property=\"og:type\" content=\"article\" \/>\n<meta property=\"og:title\" content=\"Light &amp; Bite Fesztiv\u00e1l\" \/>\n<meta property=\"og:description\" content=\"&nbsp;\u00dcdv\u00f6zl\u00fcnk minden \u00ednyencet \u00e9s l\u00e1tv\u00e1nyrajong\u00f3t!&nbsp; Csatlakozz hozz\u00e1nk az \u00e9v egyik legizgalmasabb esem\u00e9ny\u00e9n, a Light &amp; Bite Fesztiv\u00e1lon! \u00d6t napon kereszt\u00fcl Zam\u00e1rdi megtelik \u00ednycsikland\u00f3 illatokkal, l\u00e9legzetel\u00e1ll\u00edt\u00f3 f\u00e9nyekkel \u00e9s vid\u00e1m hangulattal. Ez az esem\u00e9ny minden \u00e9rz\u00e9kedet k\u00e9nyeztetni fogja! Mi v\u00e1r r\u00e1d a fesztiv\u00e1lon? &nbsp;Street Food Paradicsom: Fenomen\u00e1lis food truckjok \u00e9s street food standok hozz\u00e1k el neked a&hellip;\" \/>\n<meta property=\"og:url\" content=\"https:\/\/zamardinyitva.hu\/en\/events\/light-bite-fesztival\/\" \/>\n<meta property=\"og:site_name\" content=\"Zam\u00e1rdi Nyitva!\" \/>\n<meta property=\"article:publisher\" content=\"https:\/\/www.facebook.com\/zamardinyitva\/\" \/>\n<meta property=\"article:modified_time\" content=\"2024-06-30T08:19:25+00:00\" \/>\n<meta property=\"og:image\" content=\"https:\/\/zamardinyitva.hu\/wp-content\/uploads\/2024\/06\/448506734_122112906794332158_7265761375549640248_n.jpg\" \/>\n\t<meta property=\"og:image:width\" content=\"2048\" \/>\n\t<meta property=\"og:image:height\" content=\"1152\" \/>\n\t<meta property=\"og:image:type\" content=\"image\/jpeg\" \/>\n<script type=\"application\/ld+json\" class=\"yoast-schema-graph\">{\"@context\":\"https:\\\/\\\/schema.org\",\"@graph\":[{\"@type\":\"WebPage\",\"@id\":\"https:\\\/\\\/zamardinyitva.hu\\\/events\\\/light-bite-fesztival\\\/\",\"url\":\"https:\\\/\\\/zamardinyitva.hu\\\/events\\\/light-bite-fesztival\\\/\",\"name\":\"Light &amp; Bite Fesztiv\u00e1l - Zam\u00e1rdi Nyitva!\",\"isPartOf\":{\"@id\":\"https:\\\/\\\/zamardinyitva.hu\\\/#website\"},\"primaryImageOfPage\":{\"@id\":\"https:\\\/\\\/zamardinyitva.hu\\\/events\\\/light-bite-fesztival\\\/#primaryimage\"},\"image\":{\"@id\":\"https:\\\/\\\/zamardinyitva.hu\\\/events\\\/light-bite-fesztival\\\/#primaryimage\"},\"thumbnailUrl\":\"https:\\\/\\\/zamardinyitva.hu\\\/wp-content\\\/uploads\\\/2024\\\/06\\\/448506734_122112906794332158_7265761375549640248_n.jpg\",\"datePublished\":\"2024-06-30T08:19:24+00:00\",\"dateModified\":\"2024-06-30T08:19:25+00:00\",\"breadcrumb\":{\"@id\":\"https:\\\/\\\/zamardinyitva.hu\\\/events\\\/light-bite-fesztival\\\/#breadcrumb\"},\"inLanguage\":\"en-US\",\"potentialAction\":[{\"@type\":\"ReadAction\",\"target\":[\"https:\\\/\\\/zamardinyitva.hu\\\/events\\\/light-bite-fesztival\\\/\"]}]},{\"@type\":\"ImageObject\",\"inLanguage\":\"en-US\",\"@id\":\"https:\\\/\\\/zamardinyitva.hu\\\/events\\\/light-bite-fesztival\\\/#primaryimage\",\"url\":\"https:\\\/\\\/zamardinyitva.hu\\\/wp-content\\\/uploads\\\/2024\\\/06\\\/448506734_122112906794332158_7265761375549640248_n.jpg\",\"contentUrl\":\"https:\\\/\\\/zamardinyitva.hu\\\/wp-content\\\/uploads\\\/2024\\\/06\\\/448506734_122112906794332158_7265761375549640248_n.jpg\",\"width\":2048,\"height\":1152},{\"@type\":\"BreadcrumbList\",\"@id\":\"https:\\\/\\\/zamardinyitva.hu\\\/events\\\/light-bite-fesztival\\\/#breadcrumb\",\"itemListElement\":[{\"@type\":\"ListItem\",\"position\":1,\"name\":\"Home\",\"item\":\"https:\\\/\\\/zamardinyitva.hu\\\/\"},{\"@type\":\"ListItem\",\"position\":2,\"name\":\"Events\",\"item\":\"https:\\\/\\\/zamardinyitva.hu\\\/events\\\/\"},{\"@type\":\"ListItem\",\"position\":3,\"name\":\"Light &amp; Bite Fesztiv\u00e1l\"}]},{\"@type\":\"WebSite\",\"@id\":\"https:\\\/\\\/zamardinyitva.hu\\\/#website\",\"url\":\"https:\\\/\\\/zamardinyitva.hu\\\/\",\"name\":\"Zam\u00e1rdi Nyitva!\",\"description\":\"\",\"publisher\":{\"@id\":\"https:\\\/\\\/zamardinyitva.hu\\\/#organization\"},\"potentialAction\":[{\"@type\":\"SearchAction\",\"target\":{\"@type\":\"EntryPoint\",\"urlTemplate\":\"https:\\\/\\\/zamardinyitva.hu\\\/?s={search_term_string}\"},\"query-input\":{\"@type\":\"PropertyValueSpecification\",\"valueRequired\":true,\"valueName\":\"search_term_string\"}}],\"inLanguage\":\"en-US\"},{\"@type\":\"Organization\",\"@id\":\"https:\\\/\\\/zamardinyitva.hu\\\/#organization\",\"name\":\"Zam\u00e1rdi nyitva!\",\"url\":\"https:\\\/\\\/zamardinyitva.hu\\\/\",\"logo\":{\"@type\":\"ImageObject\",\"inLanguage\":\"en-US\",\"@id\":\"https:\\\/\\\/zamardinyitva.hu\\\/#\\\/schema\\\/logo\\\/image\\\/\",\"url\":\"https:\\\/\\\/lain.hu\\\/zny\\\/wp-content\\\/uploads\\\/2023\\\/04\\\/cropped-fbshare.jpg\",\"contentUrl\":\"https:\\\/\\\/lain.hu\\\/zny\\\/wp-content\\\/uploads\\\/2023\\\/04\\\/cropped-fbshare.jpg\",\"width\":512,\"height\":512,\"caption\":\"Zam\u00e1rdi nyitva!\"},\"image\":{\"@id\":\"https:\\\/\\\/zamardinyitva.hu\\\/#\\\/schema\\\/logo\\\/image\\\/\"},\"sameAs\":[\"https:\\\/\\\/www.facebook.com\\\/zamardinyitva\\\/\",\"https:\\\/\\\/www.instagram.com\\\/zamardinyitva\\\/\"]}]}<\/script>\n<!-- \/ Yoast SEO Premium plugin. -->","yoast_head_json":{"title":"Light &amp; Bite Fesztiv\u00e1l - Zam\u00e1rdi Nyitva!","robots":{"index":"index","follow":"follow","max-snippet":"max-snippet:-1","max-image-preview":"max-image-preview:large","max-video-preview":"max-video-preview:-1"},"canonical":"https:\/\/zamardinyitva.hu\/en\/events\/light-bite-fesztival\/","og_locale":"en_US","og_type":"article","og_title":"Light &amp; Bite Fesztiv\u00e1l","og_description":"&nbsp;\u00dcdv\u00f6zl\u00fcnk minden \u00ednyencet \u00e9s l\u00e1tv\u00e1nyrajong\u00f3t!&nbsp; Csatlakozz hozz\u00e1nk az \u00e9v egyik legizgalmasabb esem\u00e9ny\u00e9n, a Light &amp; Bite Fesztiv\u00e1lon! \u00d6t napon kereszt\u00fcl Zam\u00e1rdi megtelik \u00ednycsikland\u00f3 illatokkal, l\u00e9legzetel\u00e1ll\u00edt\u00f3 f\u00e9nyekkel \u00e9s vid\u00e1m hangulattal. Ez az esem\u00e9ny minden \u00e9rz\u00e9kedet k\u00e9nyeztetni fogja! Mi v\u00e1r r\u00e1d a fesztiv\u00e1lon? &nbsp;Street Food Paradicsom: Fenomen\u00e1lis food truckjok \u00e9s street food standok hozz\u00e1k el neked a&hellip;","og_url":"https:\/\/zamardinyitva.hu\/en\/events\/light-bite-fesztival\/","og_site_name":"Zam\u00e1rdi Nyitva!","article_publisher":"https:\/\/www.facebook.com\/zamardinyitva\/","article_modified_time":"2024-06-30T08:19:25+00:00","og_image":[{"width":2048,"height":1152,"url":"https:\/\/zamardinyitva.hu\/wp-content\/uploads\/2024\/06\/448506734_122112906794332158_7265761375549640248_n.jpg","type":"image\/jpeg"}],"schema":{"@context":"https:\/\/schema.org","@graph":[{"@type":"WebPage","@id":"https:\/\/zamardinyitva.hu\/events\/light-bite-fesztival\/","url":"https:\/\/zamardinyitva.hu\/events\/light-bite-fesztival\/","name":"Light &amp; Bite Fesztiv\u00e1l - Zam\u00e1rdi Nyitva!","isPartOf":{"@id":"https:\/\/zamardinyitva.hu\/#website"},"primaryImageOfPage":{"@id":"https:\/\/zamardinyitva.hu\/events\/light-bite-fesztival\/#primaryimage"},"image":{"@id":"https:\/\/zamardinyitva.hu\/events\/light-bite-fesztival\/#primaryimage"},"thumbnailUrl":"https:\/\/zamardinyitva.hu\/wp-content\/uploads\/2024\/06\/448506734_122112906794332158_7265761375549640248_n.jpg","datePublished":"2024-06-30T08:19:24+00:00","dateModified":"2024-06-30T08:19:25+00:00","breadcrumb":{"@id":"https:\/\/zamardinyitva.hu\/events\/light-bite-fesztival\/#breadcrumb"},"inLanguage":"en-US","potentialAction":[{"@type":"ReadAction","target":["https:\/\/zamardinyitva.hu\/events\/light-bite-fesztival\/"]}]},{"@type":"ImageObject","inLanguage":"en-US","@id":"https:\/\/zamardinyitva.hu\/events\/light-bite-fesztival\/#primaryimage","url":"https:\/\/zamardinyitva.hu\/wp-content\/uploads\/2024\/06\/448506734_122112906794332158_7265761375549640248_n.jpg","contentUrl":"https:\/\/zamardinyitva.hu\/wp-content\/uploads\/2024\/06\/448506734_122112906794332158_7265761375549640248_n.jpg","width":2048,"height":1152},{"@type":"BreadcrumbList","@id":"https:\/\/zamardinyitva.hu\/events\/light-bite-fesztival\/#breadcrumb","itemListElement":[{"@type":"ListItem","position":1,"name":"Home","item":"https:\/\/zamardinyitva.hu\/"},{"@type":"ListItem","position":2,"name":"Events","item":"https:\/\/zamardinyitva.hu\/events\/"},{"@type":"ListItem","position":3,"name":"Light &amp; Bite Fesztiv\u00e1l"}]},{"@type":"WebSite","@id":"https:\/\/zamardinyitva.hu\/#website","url":"https:\/\/zamardinyitva.hu\/","name":"Zam\u00e1rdi Nyitva!","description":"","publisher":{"@id":"https:\/\/zamardinyitva.hu\/#organization"},"potentialAction":[{"@type":"SearchAction","target":{"@type":"EntryPoint","urlTemplate":"https:\/\/zamardinyitva.hu\/?s={search_term_string}"},"query-input":{"@type":"PropertyValueSpecification","valueRequired":true,"valueName":"search_term_string"}}],"inLanguage":"en-US"},{"@type":"Organization","@id":"https:\/\/zamardinyitva.hu\/#organization","name":"Zam\u00e1rdi!","url":"https:\/\/zamardinyitva.hu\/","logo":{"@type":"ImageObject","inLanguage":"en-US","@id":"https:\/\/zamardinyitva.hu\/#\/schema\/logo\/image\/","url":"https:\/\/lain.hu\/zny\/wp-content\/uploads\/2023\/04\/cropped-fbshare.jpg","contentUrl":"https:\/\/lain.hu\/zny\/wp-content\/uploads\/2023\/04\/cropped-fbshare.jpg","width":512,"height":512,"caption":"Zam\u00e1rdi nyitva!"},"image":{"@id":"https:\/\/zamardinyitva.hu\/#\/schema\/logo\/image\/"},"sameAs":["https:\/\/www.facebook.com\/zamardinyitva\/","https:\/\/www.instagram.com\/zamardinyitva\/"]}]}},"_links":{"self":[{"href":"https:\/\/zamardinyitva.hu\/en\/wp-json\/wp\/v2\/ajde_events\/8978","targetHints":{"allow":["GET"]}}],"collection":[{"href":"https:\/\/zamardinyitva.hu\/en\/wp-json\/wp\/v2\/ajde_events"}],"about":[{"href":"https:\/\/zamardinyitva.hu\/en\/wp-json\/wp\/v2\/types\/ajde_events"}],"author":[{"embeddable":true,"href":"https:\/\/zamardinyitva.hu\/en\/wp-json\/wp\/v2\/users\/1"}],"replies":[{"embeddable":true,"href":"https:\/\/zamardinyitva.hu\/en\/wp-json\/wp\/v2\/comments?post=8978"}],"wp:featuredmedia":[{"embeddable":true,"href":"https:\/\/zamardinyitva.hu\/en\/wp-json\/wp\/v2\/media\/8980"}],"wp:attachment":[{"href":"https:\/\/zamardinyitva.hu\/en\/wp-json\/wp\/v2\/media?parent=8978"}],"wp:term":[{"taxonomy":"post_tag","embeddable":true,"href":"https:\/\/zamardinyitva.hu\/en\/wp-json\/wp\/v2\/tags?post=8978"},{"taxonomy":"event_type","embeddable":true,"href":"https:\/\/zamardinyitva.hu\/en\/wp-json\/wp\/v2\/event_type?post=8978"},{"taxonomy":"event_type_2","embeddable":true,"href":"https:\/\/zamardinyitva.hu\/en\/wp-json\/wp\/v2\/event_type_2?post=8978"}],"curies":[{"name":"wp","href":"https:\/\/api.w.org\/{rel}","templated":true}]}}